{"id":278,"date":"2016-06-08T14:54:48","date_gmt":"2016-06-08T12:54:48","guid":{"rendered":"http:\/\/hejobcane.cz\/domains\/hejobcane.cz\/?page_id=278"},"modified":"2019-10-14T17:00:27","modified_gmt":"2019-10-14T16:00:27","slug":"programove-prohlaseni-petice-program-pro-100-milionu-minimum-pro-ceskou-republiku","status":"publish","type":"page","link":"https:\/\/hejobcane.cz\/domains\/hejobcane.cz\/programove-prohlaseni-petice-program-pro-100-milionu-minimum-pro-ceskou-republiku\/","title":{"rendered":"Programov\u00e9 prohl\u00e1\u0161en\u00ed petice : \u201cProgram pro 100 mili\u00f3n\u016f, minimum pro \u010ceskou republiku\u201c,"},"content":{"rendered":"<p><strong>Hej, ob\u010dan\u00e9!, z.s., za silnou a suver\u00e9nn\u00ed \u010cR, spolupracuj\u00edc\u00ed Evropu n\u00e1rodn\u00edch st\u00e1t\u016f.<br \/>\npetice, otev\u0159en\u00e9 programov\u00e9 prohl\u00e1\u0161en\u00ed: \u201cProgram pro 100 mili\u00f3n\u016f, minimum pro \u010ceskou republiku\u201c<br \/>\n<\/strong><\/p>\n<p>Jsme dobrovoln\u00e9 sdru\u017een\u00ed ob\u010dan\u016f, kte\u0159\u00ed cht\u011bj\u00ed p\u0159isp\u011bt sv\u00fdm hlediskem na v\u011bci k\u00a0nezbytn\u00fdm a \u017e\u00e1douc\u00edm zm\u011bn\u00e1m v\u00a0politice \u010cR.<\/p>\n<p>Vytvo\u0159ili jsme otev\u0159en\u00e9 programov\u00e9 prohl\u00e1\u0161en\u00ed hlavn\u00edch z\u00e1sad jako vod\u00edtko pro ostatn\u00ed spolky, sdru\u017een\u00ed i politick\u00e9 subjekty.<\/p>\n<p>R\u00e1di bychom obr\u00e1tili pozornost na na\u0161e n\u00e1vrhy. V\u011b\u0159\u00edme, \u017ee se toto prohl\u00e1\u0161en\u00ed stane jednot\u00edc\u00edm prvkem pro dal\u0161\u00ed ob\u010dany a ob\u010dansk\u00e1 sdru\u017een\u00ed, kter\u00e1 maj\u00ed obdobn\u00fd n\u00e1hled na stav v\u011bc\u00ed v\u00a0na\u0161\u00ed vlasti a jejich programov\u00e9 \u0159e\u0161en\u00ed.<\/p>\n<p>Stejn\u011b tak jde o v\u00fdzvu pro politick\u00e9 subjekty, proto\u017ee i politick\u00e9 strany a hnut\u00ed se mohou k prohl\u00e1\u0161en\u00ed p\u0159ipojit a po\u010d\u00edtat s\u00a0programovou podporou na\u0161\u00ed i dal\u0161\u00edch signat\u00e1\u0159\u016f prohl\u00e1\u0161en\u00ed.<\/p>\n<p><strong>Programov\u00e9 prohl\u00e1\u0161en\u00ed<\/strong><\/p>\n<p><strong>\u201eProgram pro 100 mili\u00f3n\u016f, minimum pro \u010ceskou republiku\u201c<\/strong><\/p>\n<p><strong>N\u00e1rodn\u00ed bezpe\u010dnost <\/strong><\/p>\n<ul>\n<li><strong>Zv\u00fd\u0161en\u00ed rozpo\u010det arm\u00e1dy na 4 % do doby obnoven\u00ed obrany schopnosti zem\u011b.<\/strong><\/li>\n<li><strong>Zaveden\u00ed povinn\u00e9ho vojensk\u00e9ho v\u00fdcviku ve form\u00e1tu z\u00e1kladn\u00ed kurs + n\u00e1sledn\u00e9ho pravideln\u00e9ho specializa\u010dn\u00edho a udr\u017eovac\u00edho v\u00fdcviku minim\u00e1ln\u011b do v\u011bku 40let, s mo\u017enost\u00ed absolvov\u00e1n\u00ed \u201ebeze zbran\u011b\u201c.<\/strong><\/li>\n<li><strong>Obnova pohrani\u010dn\u00ed str\u00e1\u017ee a ostrahy hranic.<\/strong><\/li>\n<li><strong>Legislativn\u011b umo\u017enit a ekonomicky podpo\u0159it vznik \u201edomobrany resp. teritori\u00e1ln\u00ed obrany\u201c podle vzoru \u201edobrovoln\u00fdch hasi\u010d\u016f\u201c<\/strong><\/li>\n<li><strong>Vylep\u0161en\u00ed konceptu \u201eciviln\u00ed obrany\u201c a jej\u00ed propagace, uveden\u00ed do \u201eprovozuschopn\u00e9ho\u201c stavu po materi\u00e1ln\u00ed i lidsk\u00e9 str\u00e1nce.<\/strong><\/li>\n<li><strong>Zaveden\u00ed povinnosti absolvov\u00e1n\u00ed zdravotnick\u00e9ho minima pro ka\u017ed\u00e9ho ob\u010dana \u010cR.<\/strong><\/li>\n<li><strong>Zajistit minim\u00e1ln\u00ed nouzovou sob\u011bsta\u010dnost v\u00a0tradi\u010dn\u00edch z\u00e1kladn\u00edch potravin\u00e1ch.<\/strong><\/li>\n<\/ul>\n<p><strong>Suverenita a zahrani\u010dn\u00ed spolupr\u00e1ce<\/strong><\/p>\n<ul>\n<li><strong>Prosazujeme zru\u0161en\u00ed Lisabonsk\u00e9 smlouvy, jsme p\u0159ipraveni podpo\u0159it proces vystoupen\u00ed z\u00a0EU.<\/strong><\/li>\n<\/ul>\n<p><strong>Jsme za zachov\u00e1n\u00ed bezv\u00edzov\u00e9ho styku pro ob\u010dany EU, z\u00f3ny voln\u00e9ho obchodu v\u00a0r\u00e1mci EU i dal\u0161\u00edch st\u00e1t\u016f.<\/strong><\/p>\n<ul>\n<li><strong>Chceme omezit na\u0161i z\u00e1vislost i \u00fa\u010dast v\u00a0NATO v\u00a0n\u00e1vaznosti na obnoven\u00ed na\u0161\u00ed vlastn\u00ed obranyschopnosti.<\/strong><\/li>\n<li><strong>Podporujeme zaji\u0161t\u011bn\u00ed bezpe\u010dnosti i hospod\u00e1\u0159sk\u00e9 spolupr\u00e1ce, postaven\u00e9 na vz\u00e1jemn\u00fdch dohod\u00e1ch s\u00a0jin\u00fdmi st\u00e1ty. Za na\u0161eho p\u0159irozen\u00e9ho a prioritn\u00edho partnera pova\u017eujeme Slovensko a st\u00e1ty sdru\u017een\u00e9 v\u00a0r\u00e1mci st\u00e1t\u016f b\u00fdval\u00e9 Jugosl\u00e1vie a V4.<\/strong><\/li>\n<li><strong>Po\u017eadujeme opat\u0159en\u00ed proti p\u0159eshrani\u010dn\u00edmu kraden\u00ed mozk\u016f a \u0161ikovn\u00fdch rukou, chceme zajistit dobr\u00e9 podm\u00ednky pro jejich uplatn\u011bn\u00ed v\u00a0\u010cR, ale nechceme se d\u00e1le nechat \u201etunelovat\u201c tzv. vysp\u011bl\u00fdmi st\u00e1ty.<\/strong><\/li>\n<li><strong>Po\u017eadujeme, aby zisk vytvo\u0159en\u00fd na \u00fazem\u00ed \u010cR byl zdan\u011bn dle norem \u010cR a odveden do st\u00e1tn\u00edho rozpo\u010dtu.<\/strong><\/li>\n<li><strong>Nebudeme podporovat politiku tzv. da\u0148ov\u00fdch r\u00e1j\u016f ani vnitropodnikov\u00fdch p\u0159esun\u016f zisku v r\u00e1mci nadn\u00e1rodn\u00edch korporac\u00ed a sp\u0159\u00edzn\u011bn\u00fdch subjekt\u016f.<\/strong><\/li>\n<\/ul>\n<p><strong>Spravedlnost, finance, st\u00e1tn\u00ed spr\u00e1va<\/strong><\/p>\n<ul>\n<li><strong>Z\u00e1jmy st\u00e1tu a ob\u010dan\u016f jsou nad\u0159azeny komer\u010dn\u00edm z\u00e1jm\u016fm jednotlivc\u016f i korporac\u00ed bez rozd\u00edlu.<\/strong><\/li>\n<li><strong>Zamezen\u00ed pozitivn\u00ed diskriminace (\u00falev) na z\u00e1klad\u011b pohlav\u00ed, n\u00e1bo\u017eenstv\u00ed, rasy, sexuality, politick\u00e9 p\u0159\u00edslu\u0161nosti apod. s jedinou s\u00a0v\u00fdjimkou zdravotn\u00edho stavu.<\/strong><\/li>\n<li><strong>Ob\u010dansk\u00e1 spole\u010dnost a \u201esv\u011btsk\u00e1\u201c pravidla jsou nad\u0159azena n\u00e1bo\u017eensk\u00fdm.<\/strong><\/li>\n<\/ul>\n<p><strong>Respektujeme fakt, \u017ee v\u011bt\u0161inov\u00e1 spole\u010dnost v \u010cR nen\u00ed organizovan\u00e1 v\u00a0c\u00edrkv\u00edch a k\u00a0v\u00ed\u0159e v \u201eboha\u201c je \u00a0 \u00a0 \u00a0 nepot\u0159ebuje. Svoboda vyzn\u00e1n\u00ed \u201ebez omezen\u00ed\u201c pat\u0159\u00ed na soukromou individu\u00e1ln\u00ed \u00farove\u0148 jednotlivce. Po\u017eadujeme z\u00e1kaz registrac\u00ed nov\u00fdch \u201ec\u00edrkv\u00ed\u201c bez tradice v\u00a0\u010cR v\u010detn\u011b \u201eIsl\u00e1mu\u201c. <\/strong><\/p>\n<ul>\n<li><strong>Obnovit kontrolu st\u00e1tu, v\u010detn\u011b p\u0159\u00edm\u00e9ho ovliv\u0148ov\u00e1n\u00ed chodu formou \u201ezlat\u00e9 akcie\u201c a pr\u00e1vem veta, a zaji\u0161t\u011bn\u00ed p\u0159\u00edstupu v\u0161ech ob\u010dan\u016f k elekt\u0159in\u011b, plynu, vod\u011b, dopravn\u00ed infrastruktu\u0159e a s\u00edt\u00edm, telekomunikac\u00edm, po\u0161t\u011b, radiotelekomunikac\u00edm, surovinov\u00e9mu bohatstv\u00ed.<\/strong><\/li>\n<li><strong>P\u0159ehodnocen\u00ed \u201eprogramu imunity\u201c pro ve\u0159ejn\u00e9 p\u0159edstavitele a zaveden\u00ed syst\u00e9mu odpov\u011bdnosti a odvolatelnosti z volen\u00fdch funkc\u00ed.<\/strong><\/li>\n<li><strong>Podpora prvk\u016f p\u0159\u00edm\u00e9 demokracie: Referendum pro ka\u017ed\u00e9 strategick\u00e9 n\u00e1rodn\u00ed rozhodnut\u00ed, Referendum typu \u201eLidov\u00e9ho veta\u201c \u2013 na z\u00e1klad\u011b petice ob\u010dan\u016f, M\u00edstn\u00ed referendum a p\u0159\u00edm\u00e1 volba starost\u016f v\u00a0obc\u00edch.<\/strong><\/li>\n<li><strong>Sn\u00ed\u017een\u00ed DPH na \u00farove\u0148 sousedn\u00edch st\u00e1t\u016f, nulov\u00e1 sazba na z\u00e1kladn\u00ed potraviny, zaveden\u00ed \u201eluxusn\u00ed\u201c sazby. <\/strong><\/li>\n<li><strong>Zaveden\u00ed sektorov\u00e9 dan\u011b pro pr\u00e1vnick\u00e9 osoby podnikaj\u00edc\u00ed \u201eoligopoln\u00edm\u201c prost\u0159ed\u00ed s\u00a0nedokonalou konkurenc\u00ed a vysok\u00fdmi bari\u00e9rami vstupu a v\u00fdstupu z\u00a0odv\u011btv\u00ed (nap\u0159. banky a finan\u010dn\u00ed slu\u017eby, telekomunikace a spoje, energetika \u2026).<\/strong><\/li>\n<li><strong>Zaveden\u00ed majetkov\u00e9 dan\u011b pro osoby s\u00a0majetkem vy\u0161\u0161\u00edm ne\u017e 10.000x n\u00e1sobek pr\u016fm\u011brn\u00e9 mzdy s\u00a0progres\u00ed sazby (cca 2-4% ro\u010dn\u011b).<\/strong><\/li>\n<li><strong>Da\u0148ov\u00e9 pob\u00eddky nastavit pro v\u0161echny podnikatele nejen zahrani\u010dn\u00ed subjekty a nadn\u00e1rodn\u00ed korporace.<\/strong><\/li>\n<li><strong>Bez\u00faro\u010dn\u00e9 p\u016fj\u010dky a zjednodu\u0161en\u00ed startu podnik\u00e1n\u00ed ob\u010dan\u016f \u010cR.<\/strong><\/li>\n<\/ul>\n<p><strong>Zdrav\u00ed ob\u010dan\u016f a soci\u00e1ln\u00ed p\u00e9\u010de<\/strong><\/p>\n<ul>\n<li><strong>Chceme podpo\u0159it a nav\u00fd\u0161it zem\u011bd\u011blskou produkci za pou\u017eit\u00ed tradi\u010dn\u00edch, roky prov\u011b\u0159en\u00fdmi a zdravotn\u011b a k\u00a0p\u0159\u00edrod\u011b \u0161etrn\u00fdch postup\u016f a technologi\u00ed. Zem\u011bd\u011blstv\u00ed mus\u00ed b\u00fdt prioritn\u011b zdrojem kvalitn\u00edch potravin a ne paliv. Na\u0161\u00edm c\u00edlem jsou udr\u017eiteln\u00e9 formy hospoda\u0159en\u00ed v\u00a0zem\u011bd\u011blstv\u00ed, z\u00e1kaz geneticky modifikovan\u00fdch potravin (GMO).<\/strong><\/li>\n<li><strong>Po\u017eadujeme opat\u0159en\u00ed proti lobbingu p\u0159edev\u0161\u00edm nadn\u00e1rodn\u00edch zdravotnick\u00fdch a farmaceutick\u00fdch firem. Zaji\u0161t\u011bn\u00ed centr\u00e1ln\u00edho n\u00e1kupu l\u00e9k\u016f, zdravotnick\u00e9ho vybaven\u00ed a materi\u00e1lu (spolupr\u00e1ce v\u00a0r\u00e1mci st\u00e1t\u016f V4 , b\u00fdval\u00fdch st\u00e1t\u016f Jugosl\u00e1vie), zaveden\u00ed exportn\u00edch licenc\u00ed na l\u00e9ky a zdravotnick\u00fd materi\u00e1l, podpory a legalizace osv\u011bd\u010den\u00e9 p\u0159\u00edrodn\u00ed medic\u00edny.<\/strong><\/li>\n<li><strong>Zjednodu\u0161en\u00ed st\u00e1tn\u00edho soci\u00e1ln\u00edho syst\u00e9mu na 3. \u00farovn\u011b st\u00e1tem regulovan\u00e9ho\/garantovan\u00e9ho p\u0159\u00edjmu: <\/strong><\/li>\n<li><strong>Garantovan\u00fd p\u0159\u00edjem ob\u010dana (cca 7.000\/m\u011bs.).<\/strong><\/li>\n<li><strong>Garantovan\u00fd p\u0159\u00edjem aktivn\u00edho ob\u010dana (cca 10.000\/m\u011bs.) nap\u0159. pro studenty, d\u016fchodce, hledaj\u00edc\u00ed zam\u011bstn\u00e1n\u00ed, vykon\u00e1vaj\u00edc\u00ed n\u00e1hradn\u00ed \u201est\u00e1tn\u00ed\u201c pr\u00e1ci, hendikepovan\u00ed apod.<\/strong><\/li>\n<li><strong>Minim\u00e1ln\u00ed mzda ve v\u00fd\u0161i 100\/hod. <\/strong><\/li>\n<li><strong>Reforma povinn\u00e9ho d\u016fchodov\u00e9ho syst\u00e9mu reprezentovan\u00e1 postupnou zm\u011bnou z\u00a0pr\u016fb\u011b\u017en\u00e9ho syst\u00e9mu \u201ez ruky do huby\u201c na kapit\u00e1lov\u00fd resp. sm\u00ed\u0161en\u00fd syst\u00e9m, vytvo\u0159en\u00edm n\u00e1rodn\u00edho kapit\u00e1lov\u00e9ho penzijn\u00edho fondu. Do tohoto fondu by st\u00e1t vlo\u017eil \u201ekomer\u010dn\u00ed\u201c st\u00e1tn\u00ed podniky (nap\u0159. \u010cEZ, Budvar, Lesy \u010cR \u2026) a d\u00e1le investoval (cca 5% z\u00a0vybran\u00e9ho poji\u0161t\u011bn\u00ed) do akvizic dal\u0161\u00edch tradi\u010dn\u00edch podnik\u016f (nap\u0159. Plze\u0148sk\u00fd Prazdroj apod.). Pr\u016fm\u011brn\u00fd \u201c\u0159\u00e1dn\u00fd\u201d d\u016fchod by m\u011bl tvo\u0159it cca 2\/3 pr\u016fm\u011brn\u00e9 \u201e\u010dist\u00e9\u201c mzdy. Maxim\u00e1ln\u00ed d\u016fchod m\u016f\u017ee b\u00fdt omezen max. \u010d\u00e1stkou, mus\u00ed ale v\u00edce respektovat d\u0159\u00edv\u011bj\u0161\u00ed odvody poji\u0161t\u011bnce resp. p\u0159\u00edjemce d\u016fchodu do syst\u00e9mu ne\u017e sou\u010dasn\u00fd stav.<\/strong><\/li>\n<\/ul>\n<p><strong>\u201cProgram pro 100 mili\u00f3n\u016f, minimum pro \u010ceskou republiku\u201c<br \/>\n<\/strong>Hej, ob\u010dan\u00e9!, z.s., za silnou a suver\u00e9nn\u00ed \u010cR, spolupracuj\u00edc\u00ed Evropu n\u00e1rodn\u00edch st\u00e1t\u016f.<br \/>\n<strong><a href=\"http:\/\/hejobcane.cz\/domains\/hejobcane.cz\/wp-content\/uploads\/2016\/06\/Minimum_pro_\u010cR_podpis.pdf\" target=\"_blank\" rel=\"noopener noreferrer\">Program &#8222;Minimum pro \u010cR&#8220; soubor v PDF k tisku<\/a><\/strong><br \/>\nhttp:\/\/hejobcane.cz\/domains\/hejobcane.cz\/wp-content\/uploads\/2016\/06\/Minimum_pro_\u010cR_podpis.pdf<br \/>\n<strong><a href=\"http:\/\/hejobcane.cz\/domains\/hejobcane.cz\/wp-content\/uploads\/2016\/06\/Minimum_pro_\u010cR_arch.pdf\" target=\"_blank\" rel=\"noopener noreferrer\">Podpisov\u00fd arch programu\/petice &#8222;Minimum pro \u010cR&#8220; soubor v PDF k tisku<\/a><\/strong><br \/>\nhttp:\/\/hejobcane.cz\/domains\/hejobcane.cz\/wp-content\/uploads\/2016\/06\/Minimum_pro_\u010cR_arch.pdf<br \/>\n<strong>Chcete se n\u00e1s podpo\u0159it, zapojit se, m\u00e1te dotaz?<\/strong><br \/>\nkontaktujte n\u00e1s,<br \/>\n<strong>email: info@hejobcane.cz,<\/strong><br \/>\n<strong><a href=\"http:\/\/www.facebook.com\/hejobcane\" target=\"_blank\" rel=\"noopener noreferrer\">FB komunitn\u00ed str\u00e1nka Hej, Ob\u010dan\u00e9!<\/a><\/strong>: www.facebook.com\/hejobcane<br \/>\n<strong><a href=\"http:\/\/www.facebook.com\/groups\/hejobcane\" target=\"_blank\" rel=\"noopener noreferrer\">FB diskusn\u00ed skupina Hej, Ob\u010dan\u00e9!<\/a><\/strong>:www.facebook.com\/groups\/hejobcane<br \/>\n<strong>p\u00edsemn\u011b :<\/strong><br \/>\n<strong>Hej, ob\u010dan\u00e9!, z.s., P.O.Box 57, \u010cernokosteleck\u00e1 2020, Praha 10, PS\u010c 100 00<\/strong><\/p>\n","protected":false},"excerpt":{"rendered":"<p>Hej, ob\u010dan\u00e9!, z.s., za silnou a suver\u00e9nn\u00ed \u010cR, spolupracuj\u00edc\u00ed Evropu n\u00e1rodn\u00edch st\u00e1t\u016f. petice, otev\u0159en\u00e9 programov\u00e9 prohl\u00e1\u0161en\u00ed: \u201cProgram pro 100 mili\u00f3n\u016f, minimum pro \u010ceskou republiku\u201c Jsme dobrovoln\u00e9 sdru\u017een\u00ed ob\u010dan\u016f, kte\u0159\u00ed cht\u011bj\u00ed p\u0159isp\u011bt sv\u00fdm hlediskem na v\u011bci k\u00a0nezbytn\u00fdm a \u017e\u00e1douc\u00edm zm\u011bn\u00e1m v\u00a0politice \u010cR. Vytvo\u0159ili jsme otev\u0159en\u00e9 programov\u00e9 prohl\u00e1\u0161en\u00ed hlavn\u00edch z\u00e1sad jako vod\u00edtko pro ostatn\u00ed spolky, sdru\u017een\u00ed i [&hellip;]<\/p>\n","protected":false},"author":1,"featured_media":271,"parent":0,"menu_order":0,"comment_status":"closed","ping_status":"closed","template":"","meta":{"spay_email":""},"_links":{"self":[{"href":"https:\/\/hejobcane.cz\/domains\/hejobcane.cz\/wp-json\/wp\/v2\/pages\/278"}],"collection":[{"href":"https:\/\/hejobcane.cz\/domains\/hejobcane.cz\/wp-json\/wp\/v2\/pages"}],"about":[{"href":"https:\/\/hejobcane.cz\/domains\/hejobcane.cz\/wp-json\/wp\/v2\/types\/page"}],"author":[{"embeddable":true,"href":"https:\/\/hejobcane.cz\/domains\/hejobcane.cz\/wp-json\/wp\/v2\/users\/1"}],"replies":[{"embeddable":true,"href":"https:\/\/hejobcane.cz\/domains\/hejobcane.cz\/wp-json\/wp\/v2\/comments?post=278"}],"version-history":[{"count":0,"href":"https:\/\/hejobcane.cz\/domains\/hejobcane.cz\/wp-json\/wp\/v2\/pages\/278\/revisions"}],"wp:featuredmedia":[{"embeddable":true,"href":"https:\/\/hejobcane.cz\/domains\/hejobcane.cz\/wp-json\/wp\/v2\/media\/271"}],"wp:attachment":[{"href":"https:\/\/hejobcane.cz\/domains\/hejobcane.cz\/wp-json\/wp\/v2\/media?parent=278"}],"curies":[{"name":"wp","href":"https:\/\/api.w.org\/{rel}","templated":true}]}}